{"id":7247,"date":"2021-05-10T11:12:55","date_gmt":"2021-05-10T11:12:55","guid":{"rendered":"https:\/\/www.discoverfaial.com\/locais\/caldeira\/"},"modified":"2022-01-21T17:05:24","modified_gmt":"2022-01-21T17:05:24","slug":"caldeira","status":"publish","type":"locais","link":"https:\/\/www.discoverfaial.com\/de\/locais\/caldeira\/","title":{"rendered":"Caldeira"},"content":{"rendered":"<p>Besuchen Sie den imposanten Krater des gr\u00f6\u00dften Vulkans der Insel Faial. Die Caldeira hat eine vollkommen kreisf\u00f6rmige Form mit einem Durchmesser von etwa 2000 Metern an ihrem inneren Rand, einer durchschnittlichen Tiefe von 400 Metern und einer \u00fcppigen Vegetation mit Lorbeerwald. Sie liegt im zentralen Teil der Insel und ist das Wahrzeichen der Insel. Das Innere der Caldeira ist eines der intaktesten Gebiete mit einheimischem Wald auf den Azoren. Es ist einer der wenigen besuchbaren Orte, wo man noch sp\u00fcren und sich vorstellen kann, wie die Azoren vor der Anwesenheit des Menschen aussahen. So ist die Caldeira do Faial ein Naturschutzgebiet von gro\u00dfer Bedeutung auf den Azoren, und der Blick von ihrem Aussichtspunkt ist ein Muss.<\/p>\n<p>Es handelt sich um eine Caldera, die durch aufeinanderfolgende Senkungsphasen eines 410.000 Jahre alten Vulkans entstanden ist, dessen letzter Ausbruch erst vor 1000 Jahren stattfand und etwa 75% der Inseloberfl\u00e4che mit gl\u00fchendem Bimsstein bedeckte. Am Boden des Kraters befindet sich ein Kegel, der aus dieser letzten Eruptionsphase hervorgegangen ist und dessen Form seltsamerweise an das Bild der Insel selbst erinnert.<\/p>\n<p>Sie k\u00f6nnen die Caldeira auf 3 Arten besuchen:<\/p>\n<p><strong>Besuch des Aussichtspunkts<\/strong> &#8211; Sie erreichen Caldeira mit dem Auto in 20-30 Minuten von Horta aus auf einer Strecke, die durch wundersch\u00f6ne Landschaften im oberen Teil der Insel f\u00fchrt. Nach Ankunft am Parkplatz der Caldeira gelangen Sie durch einen Fu\u00dfg\u00e4ngertunnel zum Aussichtspunkt. Der Blick ins Innere des gigantischen Kraters ist beeindruckend. Wenn Sie die Aussicht und die einzigartige Umgebung noch ein wenig mehr genie\u00dfen m\u00f6chten, empfehlen wir Ihnen einen kurzen Spaziergang auf dem dort beginnenden Wanderweg. In weniger als 15 Minuten erreichen Sie Monte Gordo, den h\u00f6chsten Punkt der Insel.<\/p>\n<p><strong>Spaziergang entlang der Caldeir<\/strong>a &#8211; Dies ist einer der emblematischsten Wanderwege der Insel Faial. Der circa 8 km lange Rundweg erm\u00f6glicht, den Vulkan entlang des Kraterrandes ganz zu umrunden. Mit wenigen Steigungen und Hindernissen ist er f\u00fcr Menschen unterschiedlichen Alters, mit mehr oder weniger Vorbereitung und Erfahrung, zug\u00e4nglich. Die Aussicht ist au\u00dfergew\u00f6hnlich und der Blick auf das Innere des Kraters wird durch einen Panoramablick auf die gesamte K\u00fcste der Insel und die Nachbarinseln erg\u00e4nzt. Der Weg kann bei einem Spaziergang oder einer Wanderung, auf eigene Faust oder mit F\u00fchrern und spezialisierten Unternehmen zur\u00fcckgelegt werden. <a href=\"https:\/\/parquesnaturais.azores.gov.pt\/pt\/parques\/3\/trilho\/15\" target=\"_blank\" rel=\"noopener\">Erfahren Sie hier mehr \u00fcber diesen Weg.<\/a><\/p>\n<p><strong>Abstieg zur Caldeira<\/strong> &#8211; Der Abstieg ins Innere der Caldeira do Faial ist ein au\u00dfergew\u00f6hnliches Erlebnis! Hier befindet sich einer der am besten erhaltenen Laurissilva-W\u00e4lder (Lorbeerw\u00e4lder) der Region, der f\u00fcr die Erhaltung der endemischen Lebensr\u00e4ume auf den Azoren von gro\u00dfer Bedeutung ist. Aus diesem Grund ist der <a href=\"https:\/\/parquesnaturais.azores.gov.pt\/media\/multimedia\/None\/portaria-68_2018-regulamento-de-acesso-ao-interior-da-caldeira-do-faial.pdf\" target=\"_blank\" rel=\"noopener\">Abstieg in die Caldeira nur in Begleitung eines zertifizierten F\u00fchrers<\/a> und mit einer vom Naturpark der Insel Faial festgelegten Teilnehmerh\u00f6chstzahl pro Tag erlaubt. Der als schwierig eingestufte Weg ist schmal und steil und f\u00fchrt im Zickzack den Hang hinunter. In einigen Bereichen m\u00fcssen Sie Ihre H\u00e4nde zur Hilfe nehmen, um voranzukommen. Da es sich um einen feuchten Lebensraum handelt, findet man am Boden der Caldera h\u00e4ufig Schlamm und eine wasserges\u00e4ttigte Fl\u00e4che. <a href=\"https:\/\/www.discoverfaial.com\/experencias\/descida-caldeira\/\">Erfahren Sie hier mehr \u00fcber den Abstieg in die Caldeira.<\/a><\/p>\n<p>Wichtig: Da es sich um eine Bergregion handelt, sind die Wetterbedingungen in der Caldeira nicht sehr stabil und die Sicht ist nicht immer gegeben. Wir empfehlen Ihnen daher, dem Besuch der Caldeira eine gewisse Priorit\u00e4t einzur\u00e4umen und sie zu besuchen, sobald sich eine g\u00fcnstige Gelegenheit ergibt. Auf diese Weise k\u00f6nnen Sie sicher sein, dass Sie die Insel nicht verlassen, ohne eines der Wahrzeichen der Azoren gesehen zu haben.<\/p>\n","protected":false},"excerpt":{"rendered":"<p>Besuchen Sie den imposanten Krater des gr\u00f6\u00dften Vulkans der Insel Faial. Die Caldeira hat eine vollkommen kreisf\u00f6rmige Form mit einem Durchmesser von etwa 2000 Metern an ihrem inneren Rand, einer durchschnittlichen Tiefe von 400 Metern und einer \u00fcppigen Vegetation mit Lorbeerwald. Sie liegt im zentralen Teil der Insel und ist das Wahrzeichen der Insel. Das [&hellip;]<\/p>\n","protected":false},"author":1,"featured_media":5433,"comment_status":"open","ping_status":"closed","template":"","meta":{"footnotes":""},"class_list":["post-7247","locais","type-locais","status-publish","has-post-thumbnail","hentry"],"yoast_head":"<!-- This site is optimized with the Yoast SEO plugin v24.6 - https:\/\/yoast.com\/wordpress\/plugins\/seo\/ -->\n<title>Caldeira - Discover Faial - Island of Nature &amp; Culture<\/title>\n<meta name=\"robots\" content=\"noindex, follow\" \/>\n<meta property=\"og:locale\" content=\"de_DE\" \/>\n<meta property=\"og:type\" content=\"article\" \/>\n<meta property=\"og:title\" content=\"Caldeira - Discover Faial - Island of Nature &amp; Culture\" \/>\n<meta property=\"og:description\" content=\"Besuchen Sie den imposanten Krater des gr\u00f6\u00dften Vulkans der Insel Faial. Die Caldeira hat eine vollkommen kreisf\u00f6rmige Form mit einem Durchmesser von etwa 2000 Metern an ihrem inneren Rand, einer durchschnittlichen Tiefe von 400 Metern und einer \u00fcppigen Vegetation mit Lorbeerwald. Sie liegt im zentralen Teil der Insel und ist das Wahrzeichen der Insel. Das [&hellip;]\" \/>\n<meta property=\"og:url\" content=\"https:\/\/www.discoverfaial.com\/de\/locais\/caldeira\/\" \/>\n<meta property=\"og:site_name\" content=\"Discover Faial - Island of Nature &amp; Culture\" \/>\n<meta property=\"article:publisher\" content=\"https:\/\/www.facebook.com\/discoverfaial\/\" \/>\n<meta property=\"article:modified_time\" content=\"2022-01-21T17:05:24+00:00\" \/>\n<meta property=\"og:image\" content=\"https:\/\/www.discoverfaial.com\/wp-content\/uploads\/2021\/06\/Maqueta_Caldeira-e1626793663239.jpg\" \/>\n\t<meta property=\"og:image:width\" content=\"1640\" \/>\n\t<meta property=\"og:image:height\" content=\"848\" \/>\n\t<meta property=\"og:image:type\" content=\"image\/jpeg\" \/>\n<meta name=\"twitter:card\" content=\"summary_large_image\" \/>\n<meta name=\"twitter:label1\" content=\"Gesch\u00e4tzte Lesezeit\" \/>\n\t<meta name=\"twitter:data1\" content=\"3\u00a0Minute\" \/>\n<script type=\"application\/ld+json\" class=\"yoast-schema-graph\">{\"@context\":\"https:\/\/schema.org\",\"@graph\":[{\"@type\":\"WebPage\",\"@id\":\"https:\/\/www.discoverfaial.com\/de\/locais\/caldeira\/\",\"url\":\"https:\/\/www.discoverfaial.com\/de\/locais\/caldeira\/\",\"name\":\"Caldeira - Discover Faial - Island of Nature &amp; Culture\",\"isPartOf\":{\"@id\":\"https:\/\/www.discoverfaial.com\/en\/#website\"},\"primaryImageOfPage\":{\"@id\":\"https:\/\/www.discoverfaial.com\/de\/locais\/caldeira\/#primaryimage\"},\"image\":{\"@id\":\"https:\/\/www.discoverfaial.com\/de\/locais\/caldeira\/#primaryimage\"},\"thumbnailUrl\":\"https:\/\/www.discoverfaial.com\/wp-content\/uploads\/2021\/06\/Maqueta_Caldeira-e1626793663239.jpg\",\"datePublished\":\"2021-05-10T11:12:55+00:00\",\"dateModified\":\"2022-01-21T17:05:24+00:00\",\"breadcrumb\":{\"@id\":\"https:\/\/www.discoverfaial.com\/de\/locais\/caldeira\/#breadcrumb\"},\"inLanguage\":\"de\",\"potentialAction\":[{\"@type\":\"ReadAction\",\"target\":[\"https:\/\/www.discoverfaial.com\/de\/locais\/caldeira\/\"]}]},{\"@type\":\"ImageObject\",\"inLanguage\":\"de\",\"@id\":\"https:\/\/www.discoverfaial.com\/de\/locais\/caldeira\/#primaryimage\",\"url\":\"https:\/\/www.discoverfaial.com\/wp-content\/uploads\/2021\/06\/Maqueta_Caldeira-e1626793663239.jpg\",\"contentUrl\":\"https:\/\/www.discoverfaial.com\/wp-content\/uploads\/2021\/06\/Maqueta_Caldeira-e1626793663239.jpg\",\"width\":1640,\"height\":848,\"caption\":\"\u00a9Jos\u00e9 Macedo\"},{\"@type\":\"BreadcrumbList\",\"@id\":\"https:\/\/www.discoverfaial.com\/de\/locais\/caldeira\/#breadcrumb\",\"itemListElement\":[{\"@type\":\"ListItem\",\"position\":1,\"name\":\"In\u00edcio\",\"item\":\"https:\/\/www.discoverfaial.com\/de\/\"},{\"@type\":\"ListItem\",\"position\":2,\"name\":\"Locais\",\"item\":\"https:\/\/www.discoverfaial.com\/locais\/\"},{\"@type\":\"ListItem\",\"position\":3,\"name\":\"Caldeira\"}]},{\"@type\":\"WebSite\",\"@id\":\"https:\/\/www.discoverfaial.com\/en\/#website\",\"url\":\"https:\/\/www.discoverfaial.com\/en\/\",\"name\":\"Discover Faial - Island of Nature &amp; Culture\",\"description\":\"\",\"publisher\":{\"@id\":\"https:\/\/www.discoverfaial.com\/en\/#organization\"},\"potentialAction\":[{\"@type\":\"SearchAction\",\"target\":{\"@type\":\"EntryPoint\",\"urlTemplate\":\"https:\/\/www.discoverfaial.com\/en\/?s={search_term_string}\"},\"query-input\":{\"@type\":\"PropertyValueSpecification\",\"valueRequired\":true,\"valueName\":\"search_term_string\"}}],\"inLanguage\":\"de\"},{\"@type\":\"Organization\",\"@id\":\"https:\/\/www.discoverfaial.com\/en\/#organization\",\"name\":\"Discover Faial - Nature & Culture Island\",\"url\":\"https:\/\/www.discoverfaial.com\/en\/\",\"logo\":{\"@type\":\"ImageObject\",\"inLanguage\":\"de\",\"@id\":\"https:\/\/www.discoverfaial.com\/en\/#\/schema\/logo\/image\/\",\"url\":\"https:\/\/www.discoverfaial.com\/wp-content\/uploads\/2021\/08\/DiscoverFaial_v_1_RGB-01-011.png\",\"contentUrl\":\"https:\/\/www.discoverfaial.com\/wp-content\/uploads\/2021\/08\/DiscoverFaial_v_1_RGB-01-011.png\",\"width\":1000,\"height\":476,\"caption\":\"Discover Faial - Nature & Culture Island\"},\"image\":{\"@id\":\"https:\/\/www.discoverfaial.com\/en\/#\/schema\/logo\/image\/\"},\"sameAs\":[\"https:\/\/www.facebook.com\/discoverfaial\/\",\"https:\/\/www.instagram.com\/discover_faial\/\"]}]}<\/script>\n<!-- \/ Yoast SEO plugin. -->","yoast_head_json":{"title":"Caldeira - Discover Faial - Island of Nature &amp; Culture","robots":{"index":"noindex","follow":"follow"},"og_locale":"de_DE","og_type":"article","og_title":"Caldeira - Discover Faial - Island of Nature &amp; Culture","og_description":"Besuchen Sie den imposanten Krater des gr\u00f6\u00dften Vulkans der Insel Faial. Die Caldeira hat eine vollkommen kreisf\u00f6rmige Form mit einem Durchmesser von etwa 2000 Metern an ihrem inneren Rand, einer durchschnittlichen Tiefe von 400 Metern und einer \u00fcppigen Vegetation mit Lorbeerwald. Sie liegt im zentralen Teil der Insel und ist das Wahrzeichen der Insel. Das [&hellip;]","og_url":"https:\/\/www.discoverfaial.com\/de\/locais\/caldeira\/","og_site_name":"Discover Faial - Island of Nature &amp; Culture","article_publisher":"https:\/\/www.facebook.com\/discoverfaial\/","article_modified_time":"2022-01-21T17:05:24+00:00","og_image":[{"width":1640,"height":848,"url":"https:\/\/www.discoverfaial.com\/wp-content\/uploads\/2021\/06\/Maqueta_Caldeira-e1626793663239.jpg","type":"image\/jpeg"}],"twitter_card":"summary_large_image","twitter_misc":{"Gesch\u00e4tzte Lesezeit":"3\u00a0Minute"},"schema":{"@context":"https:\/\/schema.org","@graph":[{"@type":"WebPage","@id":"https:\/\/www.discoverfaial.com\/de\/locais\/caldeira\/","url":"https:\/\/www.discoverfaial.com\/de\/locais\/caldeira\/","name":"Caldeira - Discover Faial - Island of Nature &amp; Culture","isPartOf":{"@id":"https:\/\/www.discoverfaial.com\/en\/#website"},"primaryImageOfPage":{"@id":"https:\/\/www.discoverfaial.com\/de\/locais\/caldeira\/#primaryimage"},"image":{"@id":"https:\/\/www.discoverfaial.com\/de\/locais\/caldeira\/#primaryimage"},"thumbnailUrl":"https:\/\/www.discoverfaial.com\/wp-content\/uploads\/2021\/06\/Maqueta_Caldeira-e1626793663239.jpg","datePublished":"2021-05-10T11:12:55+00:00","dateModified":"2022-01-21T17:05:24+00:00","breadcrumb":{"@id":"https:\/\/www.discoverfaial.com\/de\/locais\/caldeira\/#breadcrumb"},"inLanguage":"de","potentialAction":[{"@type":"ReadAction","target":["https:\/\/www.discoverfaial.com\/de\/locais\/caldeira\/"]}]},{"@type":"ImageObject","inLanguage":"de","@id":"https:\/\/www.discoverfaial.com\/de\/locais\/caldeira\/#primaryimage","url":"https:\/\/www.discoverfaial.com\/wp-content\/uploads\/2021\/06\/Maqueta_Caldeira-e1626793663239.jpg","contentUrl":"https:\/\/www.discoverfaial.com\/wp-content\/uploads\/2021\/06\/Maqueta_Caldeira-e1626793663239.jpg","width":1640,"height":848,"caption":"\u00a9Jos\u00e9 Macedo"},{"@type":"BreadcrumbList","@id":"https:\/\/www.discoverfaial.com\/de\/locais\/caldeira\/#breadcrumb","itemListElement":[{"@type":"ListItem","position":1,"name":"In\u00edcio","item":"https:\/\/www.discoverfaial.com\/de\/"},{"@type":"ListItem","position":2,"name":"Locais","item":"https:\/\/www.discoverfaial.com\/locais\/"},{"@type":"ListItem","position":3,"name":"Caldeira"}]},{"@type":"WebSite","@id":"https:\/\/www.discoverfaial.com\/en\/#website","url":"https:\/\/www.discoverfaial.com\/en\/","name":"Discover Faial - Island of Nature &amp; Culture","description":"","publisher":{"@id":"https:\/\/www.discoverfaial.com\/en\/#organization"},"potentialAction":[{"@type":"SearchAction","target":{"@type":"EntryPoint","urlTemplate":"https:\/\/www.discoverfaial.com\/en\/?s={search_term_string}"},"query-input":{"@type":"PropertyValueSpecification","valueRequired":true,"valueName":"search_term_string"}}],"inLanguage":"de"},{"@type":"Organization","@id":"https:\/\/www.discoverfaial.com\/en\/#organization","name":"Discover Faial - Nature & Culture Island","url":"https:\/\/www.discoverfaial.com\/en\/","logo":{"@type":"ImageObject","inLanguage":"de","@id":"https:\/\/www.discoverfaial.com\/en\/#\/schema\/logo\/image\/","url":"https:\/\/www.discoverfaial.com\/wp-content\/uploads\/2021\/08\/DiscoverFaial_v_1_RGB-01-011.png","contentUrl":"https:\/\/www.discoverfaial.com\/wp-content\/uploads\/2021\/08\/DiscoverFaial_v_1_RGB-01-011.png","width":1000,"height":476,"caption":"Discover Faial - Nature & Culture Island"},"image":{"@id":"https:\/\/www.discoverfaial.com\/en\/#\/schema\/logo\/image\/"},"sameAs":["https:\/\/www.facebook.com\/discoverfaial\/","https:\/\/www.instagram.com\/discover_faial\/"]}]}},"_links":{"self":[{"href":"https:\/\/www.discoverfaial.com\/de\/wp-json\/wp\/v2\/locais\/7247","targetHints":{"allow":["GET"]}}],"collection":[{"href":"https:\/\/www.discoverfaial.com\/de\/wp-json\/wp\/v2\/locais"}],"about":[{"href":"https:\/\/www.discoverfaial.com\/de\/wp-json\/wp\/v2\/types\/locais"}],"author":[{"embeddable":true,"href":"https:\/\/www.discoverfaial.com\/de\/wp-json\/wp\/v2\/users\/1"}],"replies":[{"embeddable":true,"href":"https:\/\/www.discoverfaial.com\/de\/wp-json\/wp\/v2\/comments?post=7247"}],"version-history":[{"count":2,"href":"https:\/\/www.discoverfaial.com\/de\/wp-json\/wp\/v2\/locais\/7247\/revisions"}],"predecessor-version":[{"id":7249,"href":"https:\/\/www.discoverfaial.com\/de\/wp-json\/wp\/v2\/locais\/7247\/revisions\/7249"}],"wp:featuredmedia":[{"embeddable":true,"href":"https:\/\/www.discoverfaial.com\/de\/wp-json\/wp\/v2\/media\/5433"}],"wp:attachment":[{"href":"https:\/\/www.discoverfaial.com\/de\/wp-json\/wp\/v2\/media?parent=7247"}],"curies":[{"name":"wp","href":"https:\/\/api.w.org\/{rel}","templated":true}]}}